{"id":16805015,"date":"2026-03-02T18:20:55","date_gmt":"2026-03-02T18:20:55","guid":{"rendered":"https:\/\/agencia-asturias.com\/inmueble\/alquiler\/local-comercial\/asturias\/gijon\/05066\/"},"modified":"2026-03-02T18:20:55","modified_gmt":"2026-03-02T18:20:55","slug":"miete-mit-gutem-schaufenster-05066","status":"publish","type":"property","link":"https:\/\/agencia-asturias.com\/de\/inmueble\/alquiler\/local-comercial\/asturias\/gijon\/05066\/","title":{"rendered":"Miete mit gutem Schaufenster &#8211; 05066"},"content":{"rendered":"<p>Die Agentur Asturias bietet ein fantastisches Gesch\u00e4ftslokal zur Miete an, das bereit ist, Ihre Aktivit\u00e4ten zu starten. Es ist eingerichtet und war zuvor ein Gesch\u00e4ft f\u00fcr Arbeitskleidung, k\u00f6nnte aber jede Art von Gesch\u00e4ft sein. Das Lokal befindet sich an einer Ecke, was eine hervorragende Sichtbarkeit von allen angrenzenden Stra\u00dfen bietet, und Sie haben ein gro\u00dfes Schaufenster mit insgesamt 7 Fensterfronten, was den Raum sehr hell macht. Es ist sehr gut gelegen, in einem etablierten Gebiet mit allen Dienstleistungen in der N\u00e4he, was zu viel Fu\u00dfverkehr f\u00fchrt. Wenn Sie weitere Informationen w\u00fcnschen oder eine Besichtigung vereinbaren m\u00f6chten, z\u00f6gern Sie bitte nicht, uns anzurufen.<\/p>\n","protected":false},"excerpt":{"rendered":"<p>Die Agentur Asturias bietet ein fantastisches Gesch\u00e4ftslokal zur Miete an, das bereit ist, Ihre Aktivit\u00e4ten zu starten. Es ist eingerichtet und war zuvor ein Gesch\u00e4ft f\u00fcr Arbeitskleidung, k\u00f6nnte aber jede Art von Gesch\u00e4ft sein. Das Lokal befindet sich an einer Ecke, was eine hervorragende Sichtbarkeit von allen angrenzenden Stra\u00dfen <\/p>\n","protected":false},"author":1,"featured_media":16805016,"parent":0,"menu_order":0,"template":"","property_type":[771],"property_status":[852],"property_feature":[],"property_label":[],"property_state":[419],"property_city":[420],"property_area":[880],"class_list":["post-16805015","property","type-property","status-publish","has-post-thumbnail","hentry","property_type-gewerbeimmobilie","property_status-vermietung","property_state-asturias","property_city-gijon","property_area-el-llano-pryca"],"property_meta":{"fave_agent":["59302"],"fave_agents":["59302"],"fave_agent_display_option":["agent_info"],"property_agent":["59302"],"custom_permalink":["inmueble\/alquiler\/local-comercial\/asturias\/gijon\/05066\/"],"_thumbnail_id":["16805016"],"post_id":["Array"],"original_author":["1"],"_edit_lock":["1604137107:1"],"_edit_last":["1"],"fave_property_map_street_view":["show"],"fave_payment_status":["not_paid"],"fave_single_top_area":["global"],"fave_single_content_area":["global"],"houzez_manual_expire":["0"],"fave_property_size_prefix":["m&sup2;"],"fave_property_map":["1"],"fave_additional_features_enable":["disable"],"fave_floor_plans_enable":["disable"],"fave_multiunit_plans_enable":["disable"],"fave_prop_homeslider":["no"],"fave_featured":["0"],"fave_property_address":["Gij\u00f3n,Asturias"],"fave_property_zip":["33208"],"houzez_geolocation_lat":["43.535373479"],"houzez_geolocation_long":["-5.663797018"],"fave_property_location":["43.535373479,-5.663797018"],"fave_property_country":["ES"],"fave_property_map_address":["Gij\u00f3n,Asturias,Spain"],"fave_comunidadimporte":["0"],"fave_comunidadincluida":["1"],"fave_conservacion":["Buen estado"],"fave_orientacion":[""],"fave_carpinteriainterior":[""],"fave_carpinteriaexterior":[""],"fave_tiposuelo":[""],"fave_vistas":[""],"additional_features":["a:5:{i:0;a:2:{s:29:\"fave_additional_feature_title\";s:12:\"Carpinter\u00eda\";s:29:\"fave_additional_feature_value\";s:0:\"\";}i:1;a:2:{s:29:\"fave_additional_feature_title\";s:21:\"Carpinter\u00eda exterior\";s:29:\"fave_additional_feature_value\";s:0:\"\";}i:2;a:2:{s:29:\"fave_additional_feature_title\";s:6:\"Estado\";s:29:\"fave_additional_feature_value\";s:11:\"Buen estado\";}i:3;a:2:{s:29:\"fave_additional_feature_title\";s:6:\"Vistas\";s:29:\"fave_additional_feature_value\";s:0:\"\";}i:4;a:2:{s:29:\"fave_additional_feature_title\";s:11:\"Orientacion\";s:29:\"fave_additional_feature_value\";s:0:\"\";}}"],"referencia":["05066"],"fave_property_id":["05066"],"fave_property_bedrooms":["0"],"fave_property_bathrooms":["0"],"fave_property_garage":[""],"fave_property_land":["0"],"ave_property_land_postfix":["m&sup2;"],"fave_property_size":["185"],"fave_property_year":["1956"],"fave_energy_global_index":["0 kWh\/m&sup2; \/1234.99 Kg CO2\/m&sup2;"],"fave_energy_class":["N"],"estate_attr_energy_class":["Tramitando..."],"REAL_HOMES_property_emisiones":["1234.99"],"REAL_HOMES_property_consumo":["0"],"REAL_HOMES_property_letra":["N"],"estate_video":[""],"fave_virtual_tour":[""],"vendidoInmueble":[""],"fave_property_price":["1350"],"fave_property_price_postfix":["mes"],"fave_property_images":["16805016","16805017","16805018","16805019","16805020","16805021","16805022","16805023","16805024","16805025","16805026","16805027","16805028","16805029","16805030","16805031","16805032","16805033","16805034","16805035","16805036"],"houzez_total_property_views":["2"],"houzez_views_by_date":["a:1:{s:10:\"04-29-2026\";i:2;}"],"houzez_recently_viewed":["2026-04-29 09:07:34"]},"_links":{"self":[{"href":"https:\/\/agencia-asturias.com\/de\/wp-json\/wp\/v2\/properties\/16805015","targetHints":{"allow":["GET"]}}],"collection":[{"href":"https:\/\/agencia-asturias.com\/de\/wp-json\/wp\/v2\/properties"}],"about":[{"href":"https:\/\/agencia-asturias.com\/de\/wp-json\/wp\/v2\/types\/property"}],"author":[{"embeddable":true,"href":"https:\/\/agencia-asturias.com\/de\/wp-json\/wp\/v2\/users\/1"}],"version-history":[{"count":0,"href":"https:\/\/agencia-asturias.com\/de\/wp-json\/wp\/v2\/properties\/16805015\/revisions"}],"wp:featuredmedia":[{"embeddable":true,"href":"https:\/\/agencia-asturias.com\/de\/wp-json\/wp\/v2\/media\/16805016"}],"wp:attachment":[{"href":"https:\/\/agencia-asturias.com\/de\/wp-json\/wp\/v2\/media?parent=16805015"}],"wp:term":[{"taxonomy":"property_type","embeddable":true,"href":"https:\/\/agencia-asturias.com\/de\/wp-json\/wp\/v2\/property_type?post=16805015"},{"taxonomy":"property_status","embeddable":true,"href":"https:\/\/agencia-asturias.com\/de\/wp-json\/wp\/v2\/property_status?post=16805015"},{"taxonomy":"property_feature","embeddable":true,"href":"https:\/\/agencia-asturias.com\/de\/wp-json\/wp\/v2\/property_feature?post=16805015"},{"taxonomy":"property_label","embeddable":true,"href":"https:\/\/agencia-asturias.com\/de\/wp-json\/wp\/v2\/property_label?post=16805015"},{"taxonomy":"property_state","embeddable":true,"href":"https:\/\/agencia-asturias.com\/de\/wp-json\/wp\/v2\/property_state?post=16805015"},{"taxonomy":"property_city","embeddable":true,"href":"https:\/\/agencia-asturias.com\/de\/wp-json\/wp\/v2\/property_city?post=16805015"},{"taxonomy":"property_area","embeddable":true,"href":"https:\/\/agencia-asturias.com\/de\/wp-json\/wp\/v2\/property_area?post=16805015"}],"curies":[{"name":"wp","href":"https:\/\/api.w.org\/{rel}","templated":true}]}}