{"id":16805097,"date":"2026-03-04T16:14:49","date_gmt":"2026-03-04T16:14:49","guid":{"rendered":"https:\/\/agencia-asturias.com\/inmueble\/venta\/local-comercial\/asturias\/gijon\/05070\/"},"modified":"2026-03-04T16:14:49","modified_gmt":"2026-03-04T16:14:49","slug":"lokale-im-ubertrag-im-stadtteil-la-arena-05070","status":"publish","type":"property","link":"https:\/\/agencia-asturias.com\/de\/inmueble\/venta\/local-comercial\/asturias\/gijon\/05070\/","title":{"rendered":"Lokale im \u00dcbertrag im Stadtteil La Arena &#8211; 05070"},"content":{"rendered":"<p>Es wird eine funktionierende Sidrer\u00eda im Stadtteil La Arena \u00fcbertragen, die komplett ausgestattet ist, um das Gesch\u00e4ft fortzuf\u00fchren, mit Platz f\u00fcr vierzehn Tische im Inneren und weiteren f\u00fcnf auf der geschlossenen Terrasse im Freien. Die Oca wurde vor einigen Monaten neu gemacht, das Bad ist f\u00fcr Menschen mit eingeschr\u00e4nkter Mobilit\u00e4t angepasst, mit Klimaanlage f\u00fcr K\u00fchlen und Heizen. Der Raum ist schallisoliert. Stadtgas f\u00fcr die K\u00fcche und die Grillplatte. Wenn Sie dar\u00fcber nachdenken, ein Gesch\u00e4ft zu er\u00f6ffnen, w\u00e4re dies eine Gelegenheit, da keine Arbeiten erforderlich w\u00e4ren, um mit dem Betrieb zu beginnen. Z\u00f6gern Sie nicht, uns anzurufen und kommen Sie vorbei, um es mit Agencia Asturias zu besichtigen.<\/p>\n","protected":false},"excerpt":{"rendered":"<p>Es wird eine funktionierende Sidrer\u00eda im Stadtteil La Arena \u00fcbertragen, die komplett ausgestattet ist, um das Gesch\u00e4ft fortzuf\u00fchren, mit Platz f\u00fcr vierzehn Tische im Inneren und weiteren f\u00fcnf auf der geschlossenen Terrasse im Freien. Die Oca wurde vor einigen Monaten neu gemacht, das Bad ist f\u00fcr Menschen mit eingeschr\u00e4nkter <\/p>\n","protected":false},"author":1,"featured_media":16805098,"parent":0,"menu_order":0,"template":"","property_type":[771],"property_status":[720],"property_feature":[],"property_label":[],"property_state":[419],"property_city":[420],"property_area":[424],"class_list":["post-16805097","property","type-property","status-publish","has-post-thumbnail","hentry","property_type-gewerbeimmobilie","property_status-verkauf","property_state-asturias","property_city-gijon","property_area-la-arena"],"property_meta":{"fave_agent":["59311"],"fave_agents":["59311"],"fave_agent_display_option":["agent_info"],"property_agent":["59311"],"custom_permalink":["inmueble\/venta\/local-comercial\/asturias\/gijon\/05070\/"],"_thumbnail_id":["16805098"],"post_id":["Array"],"original_author":["1"],"_edit_lock":["1604137107:1"],"_edit_last":["1"],"fave_property_map_street_view":["show"],"fave_payment_status":["not_paid"],"fave_single_top_area":["global"],"fave_single_content_area":["global"],"houzez_manual_expire":["0"],"fave_property_size_prefix":["m&sup2;"],"fave_property_map":["1"],"fave_additional_features_enable":["disable"],"fave_floor_plans_enable":["disable"],"fave_multiunit_plans_enable":["disable"],"fave_prop_homeslider":["no"],"fave_featured":["0"],"fave_property_address":["Gij\u00f3n,Asturias"],"fave_property_zip":["33203"],"houzez_geolocation_lat":["43.539817384"],"houzez_geolocation_long":["-5.648229214"],"fave_property_location":["43.539817384,-5.648229214"],"fave_property_country":["ES"],"fave_property_map_address":["Gij\u00f3n,Asturias,Spain"],"fave_comunidadimporte":["0"],"fave_comunidadincluida":["0"],"fave_conservacion":["Reformado"],"fave_orientacion":[""],"fave_carpinteriainterior":[""],"fave_carpinteriaexterior":[""],"fave_tiposuelo":[""],"fave_vistas":[""],"additional_features":["a:5:{i:0;a:2:{s:29:\"fave_additional_feature_title\";s:12:\"Carpinter\u00eda\";s:29:\"fave_additional_feature_value\";s:0:\"\";}i:1;a:2:{s:29:\"fave_additional_feature_title\";s:21:\"Carpinter\u00eda exterior\";s:29:\"fave_additional_feature_value\";s:0:\"\";}i:2;a:2:{s:29:\"fave_additional_feature_title\";s:6:\"Estado\";s:29:\"fave_additional_feature_value\";s:9:\"Reformado\";}i:3;a:2:{s:29:\"fave_additional_feature_title\";s:6:\"Vistas\";s:29:\"fave_additional_feature_value\";s:0:\"\";}i:4;a:2:{s:29:\"fave_additional_feature_title\";s:11:\"Orientacion\";s:29:\"fave_additional_feature_value\";s:0:\"\";}}"],"referencia":["05070"],"fave_property_id":["05070"],"fave_property_bedrooms":["0"],"fave_property_bathrooms":["0"],"fave_property_garage":[""],"fave_property_land":["0"],"ave_property_land_postfix":["m&sup2;"],"fave_property_size":["200"],"fave_property_year":["1966"],"fave_energy_global_index":["0 kWh\/m&sup2; \/1234.99 Kg CO2\/m&sup2;"],"fave_energy_class":["N"],"estate_attr_energy_class":["Tramitando..."],"REAL_HOMES_property_emisiones":["1234.99"],"REAL_HOMES_property_consumo":["0"],"REAL_HOMES_property_letra":["N"],"estate_video":[""],"fave_virtual_tour":[""],"vendidoInmueble":[""],"fave_property_price":["0"],"fave_property_price_postfix":[""],"fave_property_images":["16805098","16805099","16805100","16805101","16805102","16805103","16805104","16805105","16805106","16805107","16805108","16805109","16805110","16805111","16805112","16805113","16805114","16805115","16805116","16805117","16805118","16805119","16805120","16805121","16805122"],"houzez_total_property_views":["2"],"houzez_views_by_date":["a:1:{s:10:\"04-29-2026\";i:2;}"],"houzez_recently_viewed":["2026-04-29 08:43:14"]},"_links":{"self":[{"href":"https:\/\/agencia-asturias.com\/de\/wp-json\/wp\/v2\/properties\/16805097","targetHints":{"allow":["GET"]}}],"collection":[{"href":"https:\/\/agencia-asturias.com\/de\/wp-json\/wp\/v2\/properties"}],"about":[{"href":"https:\/\/agencia-asturias.com\/de\/wp-json\/wp\/v2\/types\/property"}],"author":[{"embeddable":true,"href":"https:\/\/agencia-asturias.com\/de\/wp-json\/wp\/v2\/users\/1"}],"version-history":[{"count":0,"href":"https:\/\/agencia-asturias.com\/de\/wp-json\/wp\/v2\/properties\/16805097\/revisions"}],"wp:featuredmedia":[{"embeddable":true,"href":"https:\/\/agencia-asturias.com\/de\/wp-json\/wp\/v2\/media\/16805098"}],"wp:attachment":[{"href":"https:\/\/agencia-asturias.com\/de\/wp-json\/wp\/v2\/media?parent=16805097"}],"wp:term":[{"taxonomy":"property_type","embeddable":true,"href":"https:\/\/agencia-asturias.com\/de\/wp-json\/wp\/v2\/property_type?post=16805097"},{"taxonomy":"property_status","embeddable":true,"href":"https:\/\/agencia-asturias.com\/de\/wp-json\/wp\/v2\/property_status?post=16805097"},{"taxonomy":"property_feature","embeddable":true,"href":"https:\/\/agencia-asturias.com\/de\/wp-json\/wp\/v2\/property_feature?post=16805097"},{"taxonomy":"property_label","embeddable":true,"href":"https:\/\/agencia-asturias.com\/de\/wp-json\/wp\/v2\/property_label?post=16805097"},{"taxonomy":"property_state","embeddable":true,"href":"https:\/\/agencia-asturias.com\/de\/wp-json\/wp\/v2\/property_state?post=16805097"},{"taxonomy":"property_city","embeddable":true,"href":"https:\/\/agencia-asturias.com\/de\/wp-json\/wp\/v2\/property_city?post=16805097"},{"taxonomy":"property_area","embeddable":true,"href":"https:\/\/agencia-asturias.com\/de\/wp-json\/wp\/v2\/property_area?post=16805097"}],"curies":[{"name":"wp","href":"https:\/\/api.w.org\/{rel}","templated":true}]}}