{"id":16805413,"date":"2026-03-24T19:28:21","date_gmt":"2026-03-24T19:28:21","guid":{"rendered":"https:\/\/agencia-asturias.com\/inmueble\/venta\/piso\/asturias\/gijon\/05087\/"},"modified":"2026-03-24T19:28:21","modified_gmt":"2026-03-24T19:28:21","slug":"geraumige-wohnung-im-zentrum-von-gijon-mit-parkplatz-und-abstellraum-05087","status":"publish","type":"property","link":"https:\/\/agencia-asturias.com\/de\/inmueble\/venta\/piso\/asturias\/gijon\/05087\/","title":{"rendered":"Ger\u00e4umige Wohnung im Zentrum von Gij\u00f3n mit Parkplatz und Abstellraum &#8211; 05087"},"content":{"rendered":"<p>In der Avenida Constituci\u00f3n 8, ganz in der N\u00e4he des Platzes Europa, im Herzen von Gij\u00f3n, befindet sich diese Wohnung im f\u00fcnften Stock mit drei Schlafzimmern, einem gro\u00dfen Wohnzimmer mit Essbereich und Zugang zu einer kleinen Terrasse, zwei Badezimmern, eines davon im Hauptschlafzimmer, und einer gro\u00dfen K\u00fcche mit Waschbereich.<br \/>Sie hat eine sehr gute Aufteilung, da sie keinen Platz in langen Fluren verliert.<br \/>Es gibt einen direkten Zugang mit dem Aufzug sowohl zum Abstellraum, der sich im obersten Stockwerk befindet, als auch zum Parkplatz.<br \/>Die Heizungs- und Warmwasserversorgung sind zentral mit einem individuellen Z\u00e4hler.<br \/>Die Innenstadt, in der sie sich befindet, ist ideal f\u00fcr das t\u00e4gliche Leben, da sie alle Arten von Dienstleistungen, ein breites Handelsangebot, Freizeitm\u00f6glichkeiten, ein Gesundheitszentrum, Schulen und hervorragende Verkehrsanbindungen bietet.<br \/>Es ist wirklich eine Immobilie, die es wert ist, in Betracht gezogen zu werden.<br \/>Die Grunderwerbssteuer sowie Notar- und Registrierungsgeb\u00fchren sind im Preis nicht enthalten.<\/p>\n","protected":false},"excerpt":{"rendered":"<p>In der Avenida Constituci\u00f3n 8, ganz in der N\u00e4he des Platzes Europa, im Herzen von Gij\u00f3n, befindet sich diese Wohnung im f\u00fcnften Stock mit drei Schlafzimmern, einem gro\u00dfen Wohnzimmer mit Essbereich und Zugang zu einer kleinen Terrasse, zwei Badezimmern, eines davon im Hauptschlafzimmer, und einer gro\u00dfen K\u00fcche mit Waschbereich.~Sie hat <\/p>\n","protected":false},"author":1,"featured_media":16805414,"parent":0,"menu_order":0,"template":"","property_type":[779],"property_status":[720],"property_feature":[722,726,724,858],"property_label":[],"property_state":[419],"property_city":[420],"property_area":[687],"class_list":["post-16805413","property","type-property","status-publish","has-post-thumbnail","hentry","property_type-wohnung","property_status-verkauf","property_feature-abstellraum","property_feature-heizung","property_feature-komplett-auenliegend","property_state-asturias","property_city-gijon","property_area-centro-puerto"],"property_meta":{"fave_agent":["59313"],"fave_agents":["59313"],"fave_agent_display_option":["agent_info"],"property_agent":["59313"],"custom_permalink":["inmueble\/venta\/piso\/asturias\/gijon\/05087\/"],"_thumbnail_id":["16805414"],"post_id":["Array"],"original_author":["1"],"_edit_lock":["1604137107:1"],"_edit_last":["1"],"fave_property_map_street_view":["show"],"fave_payment_status":["not_paid"],"fave_single_top_area":["global"],"fave_single_content_area":["global"],"houzez_manual_expire":["0"],"fave_property_size_prefix":["m&sup2;"],"fave_property_map":["1"],"fave_additional_features_enable":["disable"],"fave_floor_plans_enable":["disable"],"fave_multiunit_plans_enable":["disable"],"fave_prop_homeslider":["no"],"fave_featured":["0"],"fave_property_address":["Gij\u00f3n,Asturias"],"fave_property_zip":["33207"],"houzez_geolocation_lat":["43.537307925"],"houzez_geolocation_long":["-5.6655128"],"fave_property_location":["43.537307925,-5.6655128"],"fave_property_country":["ES"],"fave_property_map_address":["Gij\u00f3n,Asturias,Spain"],"fave_comunidadimporte":["0"],"fave_comunidadincluida":["0"],"fave_conservacion":["Reformar Parcialmente"],"fave_orientacion":[""],"fave_carpinteriainterior":[""],"fave_carpinteriaexterior":["Madera"],"fave_tiposuelo":[""],"fave_vistas":[""],"additional_features":["a:5:{i:0;a:2:{s:29:\"fave_additional_feature_title\";s:12:\"Carpinter\u00eda\";s:29:\"fave_additional_feature_value\";s:0:\"\";}i:1;a:2:{s:29:\"fave_additional_feature_title\";s:21:\"Carpinter\u00eda exterior\";s:29:\"fave_additional_feature_value\";s:6:\"Madera\";}i:2;a:2:{s:29:\"fave_additional_feature_title\";s:6:\"Estado\";s:29:\"fave_additional_feature_value\";s:21:\"Reformar Parcialmente\";}i:3;a:2:{s:29:\"fave_additional_feature_title\";s:6:\"Vistas\";s:29:\"fave_additional_feature_value\";s:0:\"\";}i:4;a:2:{s:29:\"fave_additional_feature_title\";s:11:\"Orientacion\";s:29:\"fave_additional_feature_value\";s:0:\"\";}}"],"referencia":["05087"],"fave_property_id":["05087"],"fave_property_bedrooms":["3"],"fave_property_bathrooms":["2"],"fave_property_garage":["2"],"fave_property_land":["0"],"ave_property_land_postfix":["m&sup2;"],"fave_property_size":["130"],"fave_property_year":["1979"],"fave_energy_global_index":["0 kWh\/m&sup2; \/1234.99 Kg CO2\/m&sup2;"],"fave_energy_class":["N"],"estate_attr_energy_class":["Tramitando..."],"REAL_HOMES_property_emisiones":["1234.99"],"REAL_HOMES_property_consumo":["0"],"REAL_HOMES_property_letra":["N"],"estate_video":[""],"fave_video_url":["https:\/\/www.youtube.com\/watch?v=0P8XU-hTXYY?feature=share"],"fave_video_image":["https:\/\/fotos15.apinmo.com\/1445\/28586005\/3-1.jpg"],"fave_virtual_tour":[""],"vendidoInmueble":[""],"fave_property_price":["380000"],"fave_property_price_postfix":[""],"fave_property_images":["16805414","16805415","16805416","16805417","16805418","16805419","16805420","16805421","16805422","16805423","16805424","16805425","16805426","16805427","16805428","16805429","16805430","16805431","16805432","16805433","16805434","16805435","16805436","16805437","16805438","16805439","16805440","16805441","16805442","16805443","16805444","16805445","16805446","16805447","16805448","16805449","16805450","16805451","16805452","16805453","16805454","16805455","16805456","16805457","16805458","16805459","16805460","16805461","16805462","16805463","16805464","16805465","16805466","16805467","16805468","16805469","16805470","16805471","16805472","16805473","16805474"],"houzez_total_property_views":["3"],"houzez_views_by_date":["a:1:{s:10:\"04-29-2026\";i:3;}"],"houzez_recently_viewed":["2026-04-29 10:55:37"]},"_links":{"self":[{"href":"https:\/\/agencia-asturias.com\/de\/wp-json\/wp\/v2\/properties\/16805413","targetHints":{"allow":["GET"]}}],"collection":[{"href":"https:\/\/agencia-asturias.com\/de\/wp-json\/wp\/v2\/properties"}],"about":[{"href":"https:\/\/agencia-asturias.com\/de\/wp-json\/wp\/v2\/types\/property"}],"author":[{"embeddable":true,"href":"https:\/\/agencia-asturias.com\/de\/wp-json\/wp\/v2\/users\/1"}],"version-history":[{"count":0,"href":"https:\/\/agencia-asturias.com\/de\/wp-json\/wp\/v2\/properties\/16805413\/revisions"}],"wp:featuredmedia":[{"embeddable":true,"href":"https:\/\/agencia-asturias.com\/de\/wp-json\/wp\/v2\/media\/16805414"}],"wp:attachment":[{"href":"https:\/\/agencia-asturias.com\/de\/wp-json\/wp\/v2\/media?parent=16805413"}],"wp:term":[{"taxonomy":"property_type","embeddable":true,"href":"https:\/\/agencia-asturias.com\/de\/wp-json\/wp\/v2\/property_type?post=16805413"},{"taxonomy":"property_status","embeddable":true,"href":"https:\/\/agencia-asturias.com\/de\/wp-json\/wp\/v2\/property_status?post=16805413"},{"taxonomy":"property_feature","embeddable":true,"href":"https:\/\/agencia-asturias.com\/de\/wp-json\/wp\/v2\/property_feature?post=16805413"},{"taxonomy":"property_label","embeddable":true,"href":"https:\/\/agencia-asturias.com\/de\/wp-json\/wp\/v2\/property_label?post=16805413"},{"taxonomy":"property_state","embeddable":true,"href":"https:\/\/agencia-asturias.com\/de\/wp-json\/wp\/v2\/property_state?post=16805413"},{"taxonomy":"property_city","embeddable":true,"href":"https:\/\/agencia-asturias.com\/de\/wp-json\/wp\/v2\/property_city?post=16805413"},{"taxonomy":"property_area","embeddable":true,"href":"https:\/\/agencia-asturias.com\/de\/wp-json\/wp\/v2\/property_area?post=16805413"}],"curies":[{"name":"wp","href":"https:\/\/api.w.org\/{rel}","templated":true}]}}