{"id":16805621,"date":"2026-04-07T10:13:30","date_gmt":"2026-04-07T10:13:30","guid":{"rendered":"https:\/\/agencia-asturias.com\/inmueble\/alquiler\/apartamento\/asturias\/oviedo\/05096\/"},"modified":"2026-04-07T10:13:30","modified_gmt":"2026-04-07T10:13:30","slug":"wohnung-im-zentrum-von-oviedo-05096","status":"publish","type":"property","link":"https:\/\/agencia-asturias.com\/de\/inmueble\/alquiler\/apartamento\/asturias\/oviedo\/05096\/","title":{"rendered":"Wohnung im Zentrum von Oviedo &#8211; 05096"},"content":{"rendered":"<p>In der Stra\u00dfe Campoamor wird eine sehr ger\u00e4umige, m\u00f6blierte Wohnung zur Miete angeboten. Sie ist aufgeteilt in ein Wohnzimmer mit offener K\u00fcche, die komplett mit Ger\u00e4ten ausgestattet ist: Cerankochfeld, Ofen, Dunstabzugshaube, Waschmaschine und K\u00fchlschrank. Ein Doppelzimmer mit Einbauschrank, ein komplettes Badezimmer mit Badewanne, Verteilerflur mit gro\u00dfem Einbauschrank. Das Wohnzimmer hat ein gro\u00dfes Fenster mit S\u00fcdausrichtung, sehr sonnig, und das Schlafzimmer gibt auf einen gro\u00dfen Innenhof. Zentrale Dienste mit individuellem Z\u00e4hler, die Gesamtnutzung von Wasser, Heizung und Strom wird bezahlt. Geb\u00e4ude mit angepasstem Eingang. Haustiere sind nicht erlaubt.<\/p>\n","protected":false},"excerpt":{"rendered":"<p>In der Stra\u00dfe Campoamor wird eine sehr ger\u00e4umige, m\u00f6blierte Wohnung zur Miete angeboten. Sie ist aufgeteilt in ein Wohnzimmer mit offener K\u00fcche, die komplett mit Ger\u00e4ten ausgestattet ist: Cerankochfeld, Ofen, Dunstabzugshaube, Waschmaschine und K\u00fchlschrank. Ein Doppelzimmer mit Einbauschrank, ein komplettes Badezimmer mit Badewanne, <\/p>\n","protected":false},"author":1,"featured_media":16805622,"parent":0,"menu_order":0,"template":"","property_type":[779],"property_status":[852],"property_feature":[722,855,724,858,860],"property_label":[],"property_state":[419],"property_city":[470],"property_area":[472],"class_list":["post-16805621","property","type-property","status-publish","has-post-thumbnail","hentry","property_type-wohnung","property_status-vermietung","property_feature-elektrogerte","property_feature-heizung","property_feature-komplett-auenliegend","property_feature-mbel","property_state-asturias","property_city-oviedo","property_area-centro"],"property_meta":{"fave_agent":["59289"],"fave_agents":["59289"],"fave_agent_display_option":["agent_info"],"property_agent":["59289"],"custom_permalink":["inmueble\/alquiler\/apartamento\/asturias\/oviedo\/05096\/"],"_thumbnail_id":["16805622"],"post_id":["Array"],"original_author":["1"],"_edit_lock":["1604137107:1"],"_edit_last":["1"],"fave_property_map_street_view":["show"],"fave_payment_status":["not_paid"],"fave_single_top_area":["global"],"fave_single_content_area":["global"],"houzez_manual_expire":["0"],"fave_property_size_prefix":["m&sup2;"],"fave_property_map":["1"],"fave_additional_features_enable":["disable"],"fave_floor_plans_enable":["disable"],"fave_multiunit_plans_enable":["disable"],"fave_prop_homeslider":["no"],"fave_featured":["0"],"fave_property_address":["Oviedo,Asturias"],"fave_property_zip":["33001"],"houzez_geolocation_lat":["43.366070663"],"houzez_geolocation_long":["-5.853045099"],"fave_property_location":["43.366070663,-5.853045099"],"fave_property_country":["ES"],"fave_property_map_address":["Oviedo,Asturias,Spain"],"fave_comunidadimporte":["0"],"fave_comunidadincluida":["1"],"fave_conservacion":["Buen estado"],"fave_orientacion":["Sur"],"fave_carpinteriainterior":["Madera"],"fave_carpinteriaexterior":["Doble Cristal"],"fave_tiposuelo":[""],"fave_vistas":[""],"additional_features":["a:5:{i:0;a:2:{s:29:\"fave_additional_feature_title\";s:12:\"Carpinter\u00eda\";s:29:\"fave_additional_feature_value\";s:6:\"Madera\";}i:1;a:2:{s:29:\"fave_additional_feature_title\";s:21:\"Carpinter\u00eda exterior\";s:29:\"fave_additional_feature_value\";s:13:\"Doble Cristal\";}i:2;a:2:{s:29:\"fave_additional_feature_title\";s:6:\"Estado\";s:29:\"fave_additional_feature_value\";s:11:\"Buen estado\";}i:3;a:2:{s:29:\"fave_additional_feature_title\";s:6:\"Vistas\";s:29:\"fave_additional_feature_value\";s:0:\"\";}i:4;a:2:{s:29:\"fave_additional_feature_title\";s:11:\"Orientacion\";s:29:\"fave_additional_feature_value\";s:3:\"Sur\";}}"],"referencia":["05096"],"fave_property_id":["05096"],"fave_property_bedrooms":["1"],"fave_property_bathrooms":["1"],"fave_property_garage":[""],"fave_property_land":["0"],"ave_property_land_postfix":["m&sup2;"],"fave_property_size":["63"],"fave_property_year":["1981"],"fave_energy_global_index":["89.35 kWh\/m&sup2; \/46.35 Kg CO2\/m&sup2;"],"fave_energy_class":["E"],"estate_attr_energy_class":["E"],"REAL_HOMES_property_emisiones":["46.35"],"REAL_HOMES_property_consumo":["89.35"],"REAL_HOMES_property_letra":["E"],"estate_video":[""],"fave_virtual_tour":[""],"vendidoInmueble":[""],"fave_property_price":["800"],"fave_property_price_postfix":["mes"],"fave_property_images":["16805622","16805623","16805624","16805625","16805626","16805627","16805628","16805629","16805630","16805631","16805632","16805633","16805634","16805635","16805636"],"houzez_total_property_views":["2"],"houzez_views_by_date":["a:1:{s:10:\"04-29-2026\";i:2;}"],"houzez_recently_viewed":["2026-04-29 09:17:12"]},"_links":{"self":[{"href":"https:\/\/agencia-asturias.com\/de\/wp-json\/wp\/v2\/properties\/16805621","targetHints":{"allow":["GET"]}}],"collection":[{"href":"https:\/\/agencia-asturias.com\/de\/wp-json\/wp\/v2\/properties"}],"about":[{"href":"https:\/\/agencia-asturias.com\/de\/wp-json\/wp\/v2\/types\/property"}],"author":[{"embeddable":true,"href":"https:\/\/agencia-asturias.com\/de\/wp-json\/wp\/v2\/users\/1"}],"version-history":[{"count":0,"href":"https:\/\/agencia-asturias.com\/de\/wp-json\/wp\/v2\/properties\/16805621\/revisions"}],"wp:featuredmedia":[{"embeddable":true,"href":"https:\/\/agencia-asturias.com\/de\/wp-json\/wp\/v2\/media\/16805622"}],"wp:attachment":[{"href":"https:\/\/agencia-asturias.com\/de\/wp-json\/wp\/v2\/media?parent=16805621"}],"wp:term":[{"taxonomy":"property_type","embeddable":true,"href":"https:\/\/agencia-asturias.com\/de\/wp-json\/wp\/v2\/property_type?post=16805621"},{"taxonomy":"property_status","embeddable":true,"href":"https:\/\/agencia-asturias.com\/de\/wp-json\/wp\/v2\/property_status?post=16805621"},{"taxonomy":"property_feature","embeddable":true,"href":"https:\/\/agencia-asturias.com\/de\/wp-json\/wp\/v2\/property_feature?post=16805621"},{"taxonomy":"property_label","embeddable":true,"href":"https:\/\/agencia-asturias.com\/de\/wp-json\/wp\/v2\/property_label?post=16805621"},{"taxonomy":"property_state","embeddable":true,"href":"https:\/\/agencia-asturias.com\/de\/wp-json\/wp\/v2\/property_state?post=16805621"},{"taxonomy":"property_city","embeddable":true,"href":"https:\/\/agencia-asturias.com\/de\/wp-json\/wp\/v2\/property_city?post=16805621"},{"taxonomy":"property_area","embeddable":true,"href":"https:\/\/agencia-asturias.com\/de\/wp-json\/wp\/v2\/property_area?post=16805621"}],"curies":[{"name":"wp","href":"https:\/\/api.w.org\/{rel}","templated":true}]}}