{"id":16805879,"date":"2026-04-17T14:14:52","date_gmt":"2026-04-17T14:14:52","guid":{"rendered":"https:\/\/agencia-asturias.com\/inmueble\/venta\/chalet\/asturias\/langreo\/05110\/"},"modified":"2026-04-17T14:14:52","modified_gmt":"2026-04-17T14:14:52","slug":"haus-zu-verkaufen-in-lada-langreo-05110","status":"publish","type":"property","link":"https:\/\/agencia-asturias.com\/de\/inmueble\/venta\/chalet\/asturias\/langreo\/05110\/","title":{"rendered":"Haus zu verkaufen in Lada (Langreo) &#8211; 05110"},"content":{"rendered":"<p>Ein Reihenhaus zu verkaufen in Lada (Langreo), verteilt in zwei unabh\u00e4ngige Wohnungen, eine pro Etage, mit einer 23 m2 gro\u00dfen Hinterpatio-Terrasse.<\/p>\n<p>Die erste Etage ist in gutem Zustand; sie ist aufgeteilt in ein Wohnzimmer, K\u00fcche, drei Schlafzimmer (eines davon wird derzeit als Esszimmer genutzt), Badezimmer und Speisekammer. Die Fenster sind aus PVC mit Doppelverglasung, Fliesenb\u00f6den und elektrischen Heizk\u00f6rpern. Sie hat eine Fl\u00e4che von 76 m2.<\/p>\n<p>Die Erdgeschosswohnung muss komplett renoviert werden und besteht aus einem Wohnzimmer, K\u00fcche, Badezimmer und zwei Schlafzimmern. Die Fl\u00e4che der Wohnung betr\u00e4gt 67 m2.<\/p>\n<p>Das Geb\u00e4ude befindet sich in einer sehr ruhigen Gegend, mit allen Dienstleistungen in sehr kurzer Entfernung und mit klarem Blick auf gr\u00fcne Fl\u00e4chen, was allen R\u00e4umen viel Helligkeit verleiht. Die Ausrichtung ist Nord-S\u00fcd. Das Dach ist vollst\u00e4ndig neu und wurde k\u00fcrzlich installiert.<\/p>\n<p>Rufen Sie uns an, und Sie k\u00f6nnen es ohne Verpflichtung mit Agencia Asturias besichtigen.<\/p>\n<p>Die Grundsteuer und Notar- und Registrierungsgeb\u00fchren sind nicht im Preis enthalten.<\/p>\n","protected":false},"excerpt":{"rendered":"<p>Ein Reihenhaus zu verkaufen in Lada (Langreo), verteilt in zwei unabh\u00e4ngige Wohnungen, eine pro Etage, mit einer 23 m2 gro\u00dfen Hinterpatio-Terrasse.~~Die erste Etage ist in gutem Zustand; sie ist aufgeteilt in ein Wohnzimmer, K\u00fcche, drei Schlafzimmer (eines davon wird derzeit als Esszimmer genutzt), Badezimmer und Speisekammer. Die <\/p>\n","protected":false},"author":1,"featured_media":16805880,"parent":0,"menu_order":0,"template":"","property_type":[785],"property_status":[720],"property_feature":[724,866,858,740],"property_label":[],"property_state":[419],"property_city":[507],"property_area":[910],"class_list":["post-16805879","property","type-property","status-publish","has-post-thumbnail","hentry","property_type-haus","property_status-verkauf","property_feature-heizung","property_feature-innenhof","property_feature-komplett-auenliegend","property_feature-terrasse","property_state-asturias","property_city-langreo","property_area-lada"],"property_meta":{"fave_agent":["59315"],"fave_agents":["59315"],"fave_agent_display_option":["agent_info"],"property_agent":["59315"],"custom_permalink":["inmueble\/venta\/chalet\/asturias\/langreo\/05110\/"],"_thumbnail_id":["16805880"],"post_id":["Array"],"original_author":["1"],"_edit_lock":["1604137107:1"],"_edit_last":["1"],"fave_property_map_street_view":["show"],"fave_payment_status":["not_paid"],"fave_single_top_area":["global"],"fave_single_content_area":["global"],"houzez_manual_expire":["0"],"fave_property_size_prefix":["m&sup2;"],"fave_property_map":["1"],"fave_additional_features_enable":["disable"],"fave_floor_plans_enable":["disable"],"fave_multiunit_plans_enable":["disable"],"fave_prop_homeslider":["no"],"fave_featured":["0"],"fave_property_address":["Langreo,Asturias"],"fave_property_zip":["33934"],"houzez_geolocation_lat":["43.303171338814"],"houzez_geolocation_long":["-5.6999796964536"],"fave_property_location":["43.303171338814,-5.6999796964536"],"fave_property_country":["ES"],"fave_property_map_address":["Langreo,Asturias,Spain"],"fave_comunidadimporte":["0"],"fave_comunidadincluida":["0"],"fave_conservacion":["Buen estado"],"fave_orientacion":[""],"fave_carpinteriainterior":["Madera"],"fave_carpinteriaexterior":["PVC Rotura Puente T\u00c3\u00a9rmico"],"fave_tiposuelo":[""],"fave_vistas":[""],"additional_features":["a:5:{i:0;a:2:{s:29:\"fave_additional_feature_title\";s:12:\"Carpinter\u00eda\";s:29:\"fave_additional_feature_value\";s:6:\"Madera\";}i:1;a:2:{s:29:\"fave_additional_feature_title\";s:21:\"Carpinter\u00eda exterior\";s:29:\"fave_additional_feature_value\";s:28:\"PVC Rotura Puente T\u00c3\u00a9rmico\";}i:2;a:2:{s:29:\"fave_additional_feature_title\";s:6:\"Estado\";s:29:\"fave_additional_feature_value\";s:11:\"Buen estado\";}i:3;a:2:{s:29:\"fave_additional_feature_title\";s:6:\"Vistas\";s:29:\"fave_additional_feature_value\";s:0:\"\";}i:4;a:2:{s:29:\"fave_additional_feature_title\";s:11:\"Orientacion\";s:29:\"fave_additional_feature_value\";s:0:\"\";}}"],"referencia":["05110"],"fave_property_id":["05110"],"fave_property_bedrooms":["5"],"fave_property_bathrooms":["2"],"fave_property_garage":[""],"fave_property_land":["0"],"ave_property_land_postfix":["m&sup2;"],"fave_property_size":["165"],"fave_property_year":["1956"],"fave_energy_global_index":["96.9 kWh\/m&sup2; \/20.5 Kg CO2\/m&sup2;"],"fave_energy_class":["C"],"estate_attr_energy_class":["C"],"REAL_HOMES_property_emisiones":["20.5"],"REAL_HOMES_property_consumo":["96.9"],"REAL_HOMES_property_letra":["C"],"estate_video":[""],"fave_virtual_tour":[""],"vendidoInmueble":[""],"fave_property_price":["94000"],"fave_property_price_postfix":[""],"fave_property_images":["16805880","16805881","16805882","16805883","16805884","16805885","16805886","16805887","16805888","16805889","16805890","16805891","16805892","16805893","16805894","16805895","16805896","16805897","16805898","16805899","16805900","16805901","16805902","16805903","16805904","16805905","16805906","16805907","16805908","16805909","16805910","16805911","16805912","16805913","16805914","16805915","16805916","16805917","16805918","16805919","16805920","16805921","16805922","16805923","16805924","16805925","16805926","16805927","16805928","16805929","16805930","16805931","16805932","16805933","16805934","16805935","16805936","16805937","16805938","16805939","16805940","16805941","16805942"],"houzez_total_property_views":["2"],"houzez_views_by_date":["a:1:{s:10:\"04-29-2026\";i:2;}"],"houzez_recently_viewed":["2026-04-29 11:18:30"]},"_links":{"self":[{"href":"https:\/\/agencia-asturias.com\/de\/wp-json\/wp\/v2\/properties\/16805879","targetHints":{"allow":["GET"]}}],"collection":[{"href":"https:\/\/agencia-asturias.com\/de\/wp-json\/wp\/v2\/properties"}],"about":[{"href":"https:\/\/agencia-asturias.com\/de\/wp-json\/wp\/v2\/types\/property"}],"author":[{"embeddable":true,"href":"https:\/\/agencia-asturias.com\/de\/wp-json\/wp\/v2\/users\/1"}],"version-history":[{"count":0,"href":"https:\/\/agencia-asturias.com\/de\/wp-json\/wp\/v2\/properties\/16805879\/revisions"}],"wp:featuredmedia":[{"embeddable":true,"href":"https:\/\/agencia-asturias.com\/de\/wp-json\/wp\/v2\/media\/16805880"}],"wp:attachment":[{"href":"https:\/\/agencia-asturias.com\/de\/wp-json\/wp\/v2\/media?parent=16805879"}],"wp:term":[{"taxonomy":"property_type","embeddable":true,"href":"https:\/\/agencia-asturias.com\/de\/wp-json\/wp\/v2\/property_type?post=16805879"},{"taxonomy":"property_status","embeddable":true,"href":"https:\/\/agencia-asturias.com\/de\/wp-json\/wp\/v2\/property_status?post=16805879"},{"taxonomy":"property_feature","embeddable":true,"href":"https:\/\/agencia-asturias.com\/de\/wp-json\/wp\/v2\/property_feature?post=16805879"},{"taxonomy":"property_label","embeddable":true,"href":"https:\/\/agencia-asturias.com\/de\/wp-json\/wp\/v2\/property_label?post=16805879"},{"taxonomy":"property_state","embeddable":true,"href":"https:\/\/agencia-asturias.com\/de\/wp-json\/wp\/v2\/property_state?post=16805879"},{"taxonomy":"property_city","embeddable":true,"href":"https:\/\/agencia-asturias.com\/de\/wp-json\/wp\/v2\/property_city?post=16805879"},{"taxonomy":"property_area","embeddable":true,"href":"https:\/\/agencia-asturias.com\/de\/wp-json\/wp\/v2\/property_area?post=16805879"}],"curies":[{"name":"wp","href":"https:\/\/api.w.org\/{rel}","templated":true}]}}