{"id":16805962,"date":"2026-04-21T19:38:37","date_gmt":"2026-04-21T19:38:37","guid":{"rendered":"https:\/\/agencia-asturias.com\/inmueble\/alquiler\/piso\/asturias\/gijon\/05112\/"},"modified":"2026-04-21T19:38:37","modified_gmt":"2026-04-21T19:38:37","slug":"zentraler-mietvertrag-05112","status":"publish","type":"property","link":"https:\/\/agencia-asturias.com\/de\/inmueble\/alquiler\/piso\/asturias\/gijon\/05112\/","title":{"rendered":"Zentraler Mietvertrag &#8211; 05112"},"content":{"rendered":"<p>Die Agentur Asturias bietet zur langfristigen Miete eine fantastische Wohnung mit allem Notwendigen zum Einziehen an. Es handelt sich um eine neue Wohnung, alles ist neu. Sie ist au\u00dfen, erh\u00e4lt Licht, da die Fenster gr\u00f6\u00dfer sind. Sie ist geschmackvoll und mit viel Charme eingerichtet. Die Versorgungsleistungen sind zentral mit individuellen Z\u00e4hlern, sodass jeder f\u00fcr das bezahlt, was er verbraucht. Die Wohnung verf\u00fcgt \u00fcber ein L\u00fcftungssystem zur Lufterneuerung, sodass eine Bel\u00fcftung nicht erforderlich ist. Au\u00dferdem gibt es einen gut dimensionierten Abstellraum. Sie liegt sehr gut in der von Arkaden ges\u00e4umten Stra\u00dfe der Stadt, in der N\u00e4he aller Dienstleistungen wie Superm\u00e4rkte, Apotheken und Sehensw\u00fcrdigkeiten der Stadt&#8230; usw. Wenn Sie weitere Informationen w\u00fcnschen oder einen Besuch vereinbaren m\u00f6chten, z\u00f6gern Sie nicht, uns anzurufen.<\/p>\n<p>WESENTLICHE GARANTIEN. KEINE HAUSTIERE ERLAUBT.<\/p>\n","protected":false},"excerpt":{"rendered":"<p>Die Agentur Asturias bietet zur langfristigen Miete eine fantastische Wohnung mit allem Notwendigen zum Einziehen an. Es handelt sich um eine neue Wohnung, alles ist neu. Sie ist au\u00dfen, erh\u00e4lt Licht, da die Fenster gr\u00f6\u00dfer sind. Sie ist geschmackvoll und mit viel Charme eingerichtet. Die Versorgungsleistungen sind zentral mit <\/p>\n","protected":false},"author":1,"featured_media":16805963,"parent":0,"menu_order":0,"template":"","property_type":[779],"property_status":[852],"property_feature":[722,726,855,724,858,860],"property_label":[],"property_state":[419],"property_city":[420],"property_area":[421],"class_list":["post-16805962","property","type-property","status-publish","has-post-thumbnail","hentry","property_type-wohnung","property_status-vermietung","property_feature-abstellraum","property_feature-elektrogerte","property_feature-heizung","property_feature-komplett-auenliegend","property_feature-mbel","property_state-asturias","property_city-gijon","property_area-centro"],"property_meta":{"fave_agent":["59302"],"fave_agents":["59302"],"fave_agent_display_option":["agent_info"],"property_agent":["59302"],"custom_permalink":["inmueble\/alquiler\/piso\/asturias\/gijon\/05112\/"],"_thumbnail_id":["16805963"],"post_id":["Array"],"original_author":["1"],"_edit_lock":["1604137107:1"],"_edit_last":["1"],"fave_property_map_street_view":["show"],"fave_payment_status":["not_paid"],"fave_single_top_area":["global"],"fave_single_content_area":["global"],"houzez_manual_expire":["0"],"fave_property_size_prefix":["m&sup2;"],"fave_property_map":["1"],"fave_additional_features_enable":["disable"],"fave_floor_plans_enable":["disable"],"fave_multiunit_plans_enable":["disable"],"fave_prop_homeslider":["no"],"fave_featured":["0"],"fave_property_address":["Gij\u00f3n,Asturias"],"fave_property_zip":["33206"],"houzez_geolocation_lat":["43.542490103"],"houzez_geolocation_long":["-5.666393149"],"fave_property_location":["43.542490103,-5.666393149"],"fave_property_country":["ES"],"fave_property_map_address":["Gij\u00f3n,Asturias,Spain"],"fave_comunidadimporte":["0"],"fave_comunidadincluida":["1"],"fave_conservacion":["Nuevo"],"fave_orientacion":[""],"fave_carpinteriainterior":["PVC"],"fave_carpinteriaexterior":["PVC"],"fave_tiposuelo":["Climalit"],"fave_vistas":[""],"additional_features":["a:5:{i:0;a:2:{s:29:\"fave_additional_feature_title\";s:12:\"Carpinter\u00eda\";s:29:\"fave_additional_feature_value\";s:3:\"PVC\";}i:1;a:2:{s:29:\"fave_additional_feature_title\";s:21:\"Carpinter\u00eda exterior\";s:29:\"fave_additional_feature_value\";s:3:\"PVC\";}i:2;a:2:{s:29:\"fave_additional_feature_title\";s:6:\"Estado\";s:29:\"fave_additional_feature_value\";s:5:\"Nuevo\";}i:3;a:2:{s:29:\"fave_additional_feature_title\";s:6:\"Vistas\";s:29:\"fave_additional_feature_value\";s:0:\"\";}i:4;a:2:{s:29:\"fave_additional_feature_title\";s:11:\"Orientacion\";s:29:\"fave_additional_feature_value\";s:0:\"\";}}"],"referencia":["05112"],"fave_property_id":["05112"],"fave_property_bedrooms":["1"],"fave_property_bathrooms":["1"],"fave_property_garage":[""],"fave_property_land":["0"],"ave_property_land_postfix":["m&sup2;"],"fave_property_size":["41"],"fave_property_year":["0"],"fave_energy_global_index":["0 kWh\/m&sup2; \/1234.99 Kg CO2\/m&sup2;"],"fave_energy_class":["G"],"estate_attr_energy_class":["G"],"REAL_HOMES_property_emisiones":["1234.99"],"REAL_HOMES_property_consumo":["0"],"REAL_HOMES_property_letra":["G"],"estate_video":[""],"fave_virtual_tour":[""],"vendidoInmueble":[""],"fave_property_price":["850"],"fave_property_price_postfix":["mes"],"fave_property_images":["16805963","16805964","16805965","16805966","16805967","16805968","16805969","16805970","16805971","16805972","16805973","16805974","16805975","16805976","16805977","16805978","16805979","16805980","16805981","16805982","16805983","16805984","16805985","16805986"],"houzez_total_property_views":["3"],"houzez_views_by_date":["a:1:{s:10:\"04-29-2026\";i:3;}"],"houzez_recently_viewed":["2026-04-29 09:32:15"]},"_links":{"self":[{"href":"https:\/\/agencia-asturias.com\/de\/wp-json\/wp\/v2\/properties\/16805962","targetHints":{"allow":["GET"]}}],"collection":[{"href":"https:\/\/agencia-asturias.com\/de\/wp-json\/wp\/v2\/properties"}],"about":[{"href":"https:\/\/agencia-asturias.com\/de\/wp-json\/wp\/v2\/types\/property"}],"author":[{"embeddable":true,"href":"https:\/\/agencia-asturias.com\/de\/wp-json\/wp\/v2\/users\/1"}],"version-history":[{"count":0,"href":"https:\/\/agencia-asturias.com\/de\/wp-json\/wp\/v2\/properties\/16805962\/revisions"}],"wp:featuredmedia":[{"embeddable":true,"href":"https:\/\/agencia-asturias.com\/de\/wp-json\/wp\/v2\/media\/16805963"}],"wp:attachment":[{"href":"https:\/\/agencia-asturias.com\/de\/wp-json\/wp\/v2\/media?parent=16805962"}],"wp:term":[{"taxonomy":"property_type","embeddable":true,"href":"https:\/\/agencia-asturias.com\/de\/wp-json\/wp\/v2\/property_type?post=16805962"},{"taxonomy":"property_status","embeddable":true,"href":"https:\/\/agencia-asturias.com\/de\/wp-json\/wp\/v2\/property_status?post=16805962"},{"taxonomy":"property_feature","embeddable":true,"href":"https:\/\/agencia-asturias.com\/de\/wp-json\/wp\/v2\/property_feature?post=16805962"},{"taxonomy":"property_label","embeddable":true,"href":"https:\/\/agencia-asturias.com\/de\/wp-json\/wp\/v2\/property_label?post=16805962"},{"taxonomy":"property_state","embeddable":true,"href":"https:\/\/agencia-asturias.com\/de\/wp-json\/wp\/v2\/property_state?post=16805962"},{"taxonomy":"property_city","embeddable":true,"href":"https:\/\/agencia-asturias.com\/de\/wp-json\/wp\/v2\/property_city?post=16805962"},{"taxonomy":"property_area","embeddable":true,"href":"https:\/\/agencia-asturias.com\/de\/wp-json\/wp\/v2\/property_area?post=16805962"}],"curies":[{"name":"wp","href":"https:\/\/api.w.org\/{rel}","templated":true}]}}