{"id":16806796,"date":"2015-03-04T00:00:00","date_gmt":"2015-03-04T00:00:00","guid":{"rendered":"https:\/\/agencia-asturias.com\/inmueble\/venta\/terreno-urbano\/asturias\/gijon\/4745\/"},"modified":"2015-03-04T00:00:00","modified_gmt":"2015-03-04T00:00:00","slug":"teilbares-grundstuck-in-somio-4745","status":"publish","type":"property","link":"https:\/\/agencia-asturias.com\/de\/inmueble\/venta\/terreno-urbano\/asturias\/gijon\/4745\/","title":{"rendered":"Teilbares Grundst\u00fcck in Somi\u00f3 &#8211; 4745"},"content":{"rendered":"<p>Teilbare Immobilie in Somi\u00f3 mit einer Grundfl\u00e4che von \u00fcber insgesamt\u00a05200 Quadratmetern und der M\u00f6glichkeit zur Segregation f\u00fcr die Erlangung von zwischen drei bis f\u00fcnf bebauten Parzellen. Um f\u00fcnf Parzellen zu erhalten w\u00e4re es notwendig eine Detailstudie durchzuf\u00fchren; jedoch k\u00f6nnte man bereits mit einem einfachen Teilungsprojekt drei Parzellen erzielen. Wasserversorgung und Abwasserdienste sind innerhalb des Grundst\u00fccks vorhanden sowie Strom am Fu\u00df des Gel\u00e4ndes verf\u00fcgbar . In der N\u00e4he vom Bereich Corolla , nah an Busverbindungen , Superm\u00e4rkten , Schulen &#8230; Bitte fragen Sie nach den Bedingungen.<br \/>Die \u00dcbertragungssteuer auf Immobiliengesch\u00e4fte sowie Notargeb\u00fchren und Registerkosten sind im Preis nicht enthalten.<\/p>\n","protected":false},"excerpt":{"rendered":"<p>Teilbare Immobilie in Somi\u00f3 mit einer Grundfl\u00e4che von \u00fcber insgesamt\u00a05200 Quadratmetern und der M\u00f6glichkeit zur Segregation f\u00fcr die Erlangung von zwischen drei bis f\u00fcnf bebauten Parzellen. Um f\u00fcnf Parzellen zu erhalten w\u00e4re es notwendig eine Detailstudie durchzuf\u00fchren; jedoch k\u00f6nnte man bereits mit einem einfachen Teilungsprojekt <\/p>\n","protected":false},"author":1,"featured_media":16806797,"parent":0,"menu_order":0,"template":"","property_type":[791],"property_status":[720],"property_feature":[],"property_label":[],"property_state":[419],"property_city":[420],"property_area":[441],"class_list":["post-16806796","property","type-property","status-publish","has-post-thumbnail","hentry","property_type-bebaubares-grundstuck","property_status-verkauf","property_state-asturias","property_city-gijon","property_area-somio"],"property_meta":{"fave_agent":["156"],"fave_agents":["156"],"fave_agent_display_option":["agent_info"],"property_agent":["156"],"custom_permalink":["inmueble\/venta\/terreno-urbano\/asturias\/gijon\/4745\/"],"_thumbnail_id":["16806797"],"post_id":["Array"],"original_author":["1"],"_edit_lock":["1604137107:1"],"_edit_last":["1"],"fave_property_map_street_view":["show"],"fave_payment_status":["not_paid"],"fave_single_top_area":["global"],"fave_single_content_area":["global"],"houzez_manual_expire":["0"],"fave_property_size_prefix":["m&sup2;"],"fave_property_map":["1"],"fave_additional_features_enable":["disable"],"fave_floor_plans_enable":["disable"],"fave_multiunit_plans_enable":["disable"],"fave_prop_homeslider":["no"],"fave_featured":["0"],"fave_property_address":["Gij\u00f3n,Asturias"],"fave_property_zip":["33203"],"houzez_geolocation_lat":["43.5412731"],"houzez_geolocation_long":["-5.615921500000013"],"fave_property_location":["43.5412731,-5.615921500000013"],"fave_property_country":["ES"],"fave_property_map_address":["Gij\u00f3n,Asturias,Spain"],"fave_comunidadimporte":["0"],"fave_comunidadincluida":["0"],"fave_conservacion":["Ninguno"],"fave_orientacion":[""],"fave_carpinteriainterior":[""],"fave_carpinteriaexterior":[""],"fave_tiposuelo":[""],"fave_vistas":[""],"additional_features":["a:5:{i:0;a:2:{s:29:\"fave_additional_feature_title\";s:12:\"Carpinter\u00eda\";s:29:\"fave_additional_feature_value\";s:0:\"\";}i:1;a:2:{s:29:\"fave_additional_feature_title\";s:21:\"Carpinter\u00eda exterior\";s:29:\"fave_additional_feature_value\";s:0:\"\";}i:2;a:2:{s:29:\"fave_additional_feature_title\";s:6:\"Estado\";s:29:\"fave_additional_feature_value\";s:7:\"Ninguno\";}i:3;a:2:{s:29:\"fave_additional_feature_title\";s:6:\"Vistas\";s:29:\"fave_additional_feature_value\";s:0:\"\";}i:4;a:2:{s:29:\"fave_additional_feature_title\";s:11:\"Orientacion\";s:29:\"fave_additional_feature_value\";s:0:\"\";}}"],"referencia":["4745"],"fave_property_id":["4745"],"fave_property_bedrooms":["0"],"fave_property_bathrooms":["0"],"fave_property_garage":[""],"fave_property_land":["5199"],"ave_property_land_postfix":["m&sup2;"],"fave_property_size":["0"],"fave_property_year":["0"],"fave_energy_global_index":["0 kWh\/m&sup2; \/0 Kg CO2\/m&sup2;"],"fave_energy_class":["N"],"estate_attr_energy_class":["Tramitando..."],"REAL_HOMES_property_emisiones":["0"],"REAL_HOMES_property_consumo":["0"],"REAL_HOMES_property_letra":["N"],"estate_video":[""],"fave_virtual_tour":[""],"vendidoInmueble":[""],"fave_property_price":["300000"],"fave_property_price_postfix":[""],"fave_property_images":["16806797","16806798","16806799","16806800","16806801","16806802"],"houzez_total_property_views":["1"],"houzez_views_by_date":["a:1:{s:10:\"04-30-2026\";i:1;}"],"houzez_recently_viewed":["2026-04-30 11:03:03"]},"_links":{"self":[{"href":"https:\/\/agencia-asturias.com\/de\/wp-json\/wp\/v2\/properties\/16806796","targetHints":{"allow":["GET"]}}],"collection":[{"href":"https:\/\/agencia-asturias.com\/de\/wp-json\/wp\/v2\/properties"}],"about":[{"href":"https:\/\/agencia-asturias.com\/de\/wp-json\/wp\/v2\/types\/property"}],"author":[{"embeddable":true,"href":"https:\/\/agencia-asturias.com\/de\/wp-json\/wp\/v2\/users\/1"}],"version-history":[{"count":0,"href":"https:\/\/agencia-asturias.com\/de\/wp-json\/wp\/v2\/properties\/16806796\/revisions"}],"wp:featuredmedia":[{"embeddable":true,"href":"https:\/\/agencia-asturias.com\/de\/wp-json\/wp\/v2\/media\/16806797"}],"wp:attachment":[{"href":"https:\/\/agencia-asturias.com\/de\/wp-json\/wp\/v2\/media?parent=16806796"}],"wp:term":[{"taxonomy":"property_type","embeddable":true,"href":"https:\/\/agencia-asturias.com\/de\/wp-json\/wp\/v2\/property_type?post=16806796"},{"taxonomy":"property_status","embeddable":true,"href":"https:\/\/agencia-asturias.com\/de\/wp-json\/wp\/v2\/property_status?post=16806796"},{"taxonomy":"property_feature","embeddable":true,"href":"https:\/\/agencia-asturias.com\/de\/wp-json\/wp\/v2\/property_feature?post=16806796"},{"taxonomy":"property_label","embeddable":true,"href":"https:\/\/agencia-asturias.com\/de\/wp-json\/wp\/v2\/property_label?post=16806796"},{"taxonomy":"property_state","embeddable":true,"href":"https:\/\/agencia-asturias.com\/de\/wp-json\/wp\/v2\/property_state?post=16806796"},{"taxonomy":"property_city","embeddable":true,"href":"https:\/\/agencia-asturias.com\/de\/wp-json\/wp\/v2\/property_city?post=16806796"},{"taxonomy":"property_area","embeddable":true,"href":"https:\/\/agencia-asturias.com\/de\/wp-json\/wp\/v2\/property_area?post=16806796"}],"curies":[{"name":"wp","href":"https:\/\/api.w.org\/{rel}","templated":true}]}}