{"id":16818369,"date":"2024-09-20T16:21:21","date_gmt":"2024-09-20T16:21:21","guid":{"rendered":"https:\/\/agencia-asturias.com\/inmueble\/venta\/piso\/asturias\/gijon\/04654\/"},"modified":"2024-09-20T16:21:21","modified_gmt":"2024-09-20T16:21:21","slug":"die-beste-gegend-von-llano-pumarin-sonnige-und-gemutliche-wohnung-04654","status":"publish","type":"property","link":"https:\/\/agencia-asturias.com\/de\/inmueble\/venta\/piso\/asturias\/gijon\/04654\/","title":{"rendered":"Die beste Gegend von Llano-Pumarin: sonnige und gem\u00fctliche Wohnung &#8211; 04654"},"content":{"rendered":"<p>In der Valencia-Stra\u00dfe an der Ecke zur Roncal-Stra\u00dfe bietet die Agentur Asturien eine wundersch\u00f6ne Wohnung zum Verkauf an mit einer sehr guten Raumaufteilung und einem hohen Komfortniveau . Das Wohnzimmer und die K\u00fcche liegen zur Stra\u00dfe hin ; da sie nebeneinander sind , k\u00f6nnen Sie diese verbinden um einen ger\u00e4umigen integrierten K\u00fcchenbereich zusammen mit dem Hauptschlafzimmer zu schaffen . Die anderen beiden Schlafzimmer sowie das Badezimmer (mit Fenster ) schauen auf einen Innenhof hinaus . Aufgrund ihrer g\u00fcnstigen Ausrichtung erh\u00e4lt sie den ganzen Morgen \u00fcber Sonnenlicht durch jene R\u00e4ume welche zur Stra\u00dfenseite zeigen w\u00e4hrend am Nachmittag auch alle \u00fcbrigen Wohnr\u00e4ume davon profitieren werden ! Diese Immobilie ist bereit f\u00fcr den Einzug : falls Renovierungsarbeiten bei K\u00fcche oder Bad sp\u00e4ter gew\u00fcnscht w\u00e4ren w\u00e4re dies ebenfalls m\u00f6glich ohne Probleme damit haben m\u00fcssen? Es wurde k\u00fcrzlich ein Aufzug installiert ; sowohl Eingangs- als Treppenh\u00e4user wurden renoviert wie zudem Dachreparaturen ausgef\u00fchrt sodass momentan keine Sonderzahlungen geplant sind bez\u00fcglich dieser Bereiche noch bevor es \u00f6ffentlich bekannt gegeben worden war hier zuvor .. Dieses Standort verf\u00fcgt \u00fcber s\u00e4mtliche notwendige Dienstleistungen vor Ort daneben lebendiger Gemeinschaftsatmosph\u00e4re ebenso hervorragende Verkehrsanbindungen innerhalb Stadtgebiet gleichsam tollen Zugang Autobahnen.<\/p>\n","protected":false},"excerpt":{"rendered":"<p>In der Valencia-Stra\u00dfe an der Ecke zur Roncal-Stra\u00dfe bietet die Agentur Asturien eine wundersch\u00f6ne Wohnung zum Verkauf an mit einer sehr guten Raumaufteilung und einem hohen Komfortniveau . Das Wohnzimmer und die K\u00fcche liegen zur Stra\u00dfe hin ; da sie nebeneinander sind , k\u00f6nnen Sie diese verbinden um einen ger\u00e4umigen integrierten <\/p>\n","protected":false},"author":1,"featured_media":16818370,"parent":0,"menu_order":0,"template":"","property_type":[779],"property_status":[720],"property_feature":[722,855,858],"property_label":[],"property_state":[419],"property_city":[420],"property_area":[435],"class_list":["post-16818369","property","type-property","status-publish","has-post-thumbnail","hentry","property_type-wohnung","property_status-verkauf","property_feature-elektrogerte","property_feature-komplett-auenliegend","property_state-asturias","property_city-gijon","property_area-el-llano"],"property_meta":{"fave_agent":["59304"],"fave_agents":["59304"],"fave_agent_display_option":["agent_info"],"property_agent":["59304"],"custom_permalink":["inmueble\/venta\/piso\/asturias\/gijon\/04654\/"],"_thumbnail_id":["16818370"],"post_id":["Array"],"original_author":["1"],"_edit_lock":["1604137107:1"],"_edit_last":["1"],"fave_property_map_street_view":["show"],"fave_payment_status":["not_paid"],"fave_single_top_area":["global"],"fave_single_content_area":["global"],"houzez_manual_expire":["0"],"fave_property_size_prefix":["m&sup2;"],"fave_property_map":["1"],"fave_additional_features_enable":["disable"],"fave_floor_plans_enable":["disable"],"fave_multiunit_plans_enable":["disable"],"fave_prop_homeslider":["no"],"fave_featured":["0"],"fave_property_address":["Gij\u00f3n,Asturias"],"fave_property_zip":["33210"],"houzez_geolocation_lat":["43.527629760713495"],"houzez_geolocation_long":["-5.6689743867976805"],"fave_property_location":["43.527629760713495,-5.6689743867976805"],"fave_property_country":["ES"],"fave_property_map_address":["Gij\u00f3n,Asturias,Spain"],"fave_comunidadimporte":["65"],"fave_comunidadincluida":["0"],"fave_conservacion":["Entrar a vivir"],"fave_orientacion":["Suroeste"],"fave_carpinteriainterior":[""],"fave_carpinteriaexterior":["Aluminio"],"fave_tiposuelo":[""],"fave_vistas":[""],"additional_features":["a:5:{i:0;a:2:{s:29:\"fave_additional_feature_title\";s:12:\"Carpinter\u00eda\";s:29:\"fave_additional_feature_value\";s:0:\"\";}i:1;a:2:{s:29:\"fave_additional_feature_title\";s:21:\"Carpinter\u00eda exterior\";s:29:\"fave_additional_feature_value\";s:8:\"Aluminio\";}i:2;a:2:{s:29:\"fave_additional_feature_title\";s:6:\"Estado\";s:29:\"fave_additional_feature_value\";s:14:\"Entrar a vivir\";}i:3;a:2:{s:29:\"fave_additional_feature_title\";s:6:\"Vistas\";s:29:\"fave_additional_feature_value\";s:0:\"\";}i:4;a:2:{s:29:\"fave_additional_feature_title\";s:11:\"Orientacion\";s:29:\"fave_additional_feature_value\";s:8:\"Suroeste\";}}"],"referencia":["04654"],"fave_property_id":["04654"],"fave_property_bedrooms":["3"],"fave_property_bathrooms":["1"],"fave_property_garage":[""],"fave_property_land":["0"],"ave_property_land_postfix":["m&sup2;"],"fave_property_size":["79"],"fave_property_year":["1972"],"fave_energy_global_index":["242.63 kWh\/m&sup2; \/44.8 Kg CO2\/m&sup2;"],"fave_energy_class":["G"],"estate_attr_energy_class":["G"],"REAL_HOMES_property_emisiones":["44.8"],"REAL_HOMES_property_consumo":["242.63"],"REAL_HOMES_property_letra":["G"],"estate_video":[""],"fave_video_url":["https:\/\/www.youtube.com\/watch?v=vMk9Z8lUzfM?si=BJs1A"],"fave_video_image":["https:\/\/fotos15.apinmo.com\/1445\/22595042\/12-1.jpg"],"fave_virtual_tour":[""],"vendidoInmueble":[""],"fave_property_price":["175000"],"fave_property_price_postfix":[""],"fave_property_images":["16818370","16818371","16818372","16818373","16818374","16818375","16818376","16818377","16818378","16818379","16818380","16818381","16818382","16818383","16818384","16818385","16818386","16818387","16818388","16818389","16818390","16818391","16818392","16818393","16818394","16818395","16818396","16818397","16818398","16818399","16818400","16818401","16818402","16818403","16818404","16818405","16818406","16818407","16818408","16818409","16818410","16818411","16818412","16818413","16818414","16818415","16818416","16818417","16818418","16818419","16818420","16818421","16818422","16818423","16818424","16818425","16818426","16818427","16818428","16818429","16818430","16818431","16818432","16818433","16818434","16818435","16818436","16818437","16818438","16818439","16818440","16818441","16818442","16818443","16818444","16818445"],"houzez_total_property_views":["1"],"houzez_views_by_date":["a:1:{s:10:\"05-01-2026\";i:1;}"],"houzez_recently_viewed":["2026-05-01 10:44:32"]},"_links":{"self":[{"href":"https:\/\/agencia-asturias.com\/de\/wp-json\/wp\/v2\/properties\/16818369","targetHints":{"allow":["GET"]}}],"collection":[{"href":"https:\/\/agencia-asturias.com\/de\/wp-json\/wp\/v2\/properties"}],"about":[{"href":"https:\/\/agencia-asturias.com\/de\/wp-json\/wp\/v2\/types\/property"}],"author":[{"embeddable":true,"href":"https:\/\/agencia-asturias.com\/de\/wp-json\/wp\/v2\/users\/1"}],"version-history":[{"count":0,"href":"https:\/\/agencia-asturias.com\/de\/wp-json\/wp\/v2\/properties\/16818369\/revisions"}],"wp:featuredmedia":[{"embeddable":true,"href":"https:\/\/agencia-asturias.com\/de\/wp-json\/wp\/v2\/media\/16818370"}],"wp:attachment":[{"href":"https:\/\/agencia-asturias.com\/de\/wp-json\/wp\/v2\/media?parent=16818369"}],"wp:term":[{"taxonomy":"property_type","embeddable":true,"href":"https:\/\/agencia-asturias.com\/de\/wp-json\/wp\/v2\/property_type?post=16818369"},{"taxonomy":"property_status","embeddable":true,"href":"https:\/\/agencia-asturias.com\/de\/wp-json\/wp\/v2\/property_status?post=16818369"},{"taxonomy":"property_feature","embeddable":true,"href":"https:\/\/agencia-asturias.com\/de\/wp-json\/wp\/v2\/property_feature?post=16818369"},{"taxonomy":"property_label","embeddable":true,"href":"https:\/\/agencia-asturias.com\/de\/wp-json\/wp\/v2\/property_label?post=16818369"},{"taxonomy":"property_state","embeddable":true,"href":"https:\/\/agencia-asturias.com\/de\/wp-json\/wp\/v2\/property_state?post=16818369"},{"taxonomy":"property_city","embeddable":true,"href":"https:\/\/agencia-asturias.com\/de\/wp-json\/wp\/v2\/property_city?post=16818369"},{"taxonomy":"property_area","embeddable":true,"href":"https:\/\/agencia-asturias.com\/de\/wp-json\/wp\/v2\/property_area?post=16818369"}],"curies":[{"name":"wp","href":"https:\/\/api.w.org\/{rel}","templated":true}]}}