{"id":16823491,"date":"2019-01-18T12:17:16","date_gmt":"2019-01-18T12:17:16","guid":{"rendered":"https:\/\/agencia-asturias.com\/inmueble\/alquiler\/local-comercial\/asturias\/oviedo\/01927\/"},"modified":"2019-01-18T12:17:16","modified_gmt":"2019-01-18T12:17:16","slug":"laden-im-zentrum-von-oviedo-01927","status":"publish","type":"property","link":"https:\/\/agencia-asturias.com\/de\/inmueble\/alquiler\/local-comercial\/asturias\/oviedo\/01927\/","title":{"rendered":"Laden im Zentrum von Oviedo. &#8211; 01927"},"content":{"rendered":"<p>Das Gesch\u00e4ft befindet sich in einer der gesch\u00e4ftigsten Gegenden von Oviedo, auf der Stra\u00dfe Independencia und sehr nahe zur Stra\u00dfe Ur\u00eda. Es verf\u00fcgt \u00fcber einen Kundenbereich auf Stra\u00dfenniveau von etwa achtzig Quadratmetern mit Lagerraum und Bad sowie einem Zwischengeschoss f\u00fcr B\u00fcros oder Verwaltungsbereiche. Auch das gro\u00dfe Schaufenster und die verglaste Fl\u00e4che fallen positiv auf. Das Lokal liegt an einem stark frequentierten Ort sowohl f\u00fcr den Fahrzeugverkehr als auch f\u00fcr Fu\u00dfg\u00e4nger. Rufen Sie uns an und vereinbaren Sie einen Besichtigungstermin bei Agencia Asturias.<\/p>\n","protected":false},"excerpt":{"rendered":"<p>Das Gesch\u00e4ft befindet sich in einer der gesch\u00e4ftigsten Gegenden von Oviedo, auf der Stra\u00dfe Independencia und sehr nahe zur Stra\u00dfe Ur\u00eda. Es verf\u00fcgt \u00fcber einen Kundenbereich auf Stra\u00dfenniveau von etwa achtzig Quadratmetern mit Lagerraum und Bad sowie einem Zwischengeschoss f\u00fcr B\u00fcros oder Verwaltungsbereiche. Auch das gro\u00dfe <\/p>\n","protected":false},"author":1,"featured_media":16823492,"parent":0,"menu_order":0,"template":"","property_type":[771],"property_status":[852],"property_feature":[],"property_label":[],"property_state":[419],"property_city":[470],"property_area":[472],"class_list":["post-16823491","property","type-property","status-publish","has-post-thumbnail","hentry","property_type-gewerbeimmobilie","property_status-vermietung","property_state-asturias","property_city-oviedo","property_area-centro"],"property_meta":{"fave_agent":["59315"],"fave_agents":["59315"],"fave_agent_display_option":["agent_info"],"property_agent":["59315"],"custom_permalink":["inmueble\/alquiler\/local-comercial\/asturias\/oviedo\/01927\/"],"_thumbnail_id":["16823492"],"post_id":["Array"],"original_author":["1"],"_edit_lock":["1604137107:1"],"_edit_last":["1"],"fave_property_map_street_view":["show"],"fave_payment_status":["not_paid"],"fave_single_top_area":["global"],"fave_single_content_area":["global"],"houzez_manual_expire":["0"],"fave_property_size_prefix":["m&sup2;"],"fave_property_map":["1"],"fave_additional_features_enable":["disable"],"fave_floor_plans_enable":["disable"],"fave_multiunit_plans_enable":["disable"],"fave_prop_homeslider":["no"],"fave_featured":["0"],"fave_property_address":["Oviedo,Asturias"],"fave_property_zip":["33004"],"houzez_geolocation_lat":["43.36485164"],"houzez_geolocation_long":["-5.85349426"],"fave_property_location":["43.36485164,-5.85349426"],"fave_property_country":["ES"],"fave_property_map_address":["Oviedo,Asturias,Spain"],"fave_comunidadimporte":["30"],"fave_comunidadincluida":["0"],"fave_conservacion":["Buen estado"],"fave_orientacion":[""],"fave_carpinteriainterior":[""],"fave_carpinteriaexterior":[""],"fave_tiposuelo":[""],"fave_vistas":[""],"additional_features":["a:5:{i:0;a:2:{s:29:\"fave_additional_feature_title\";s:12:\"Carpinter\u00eda\";s:29:\"fave_additional_feature_value\";s:0:\"\";}i:1;a:2:{s:29:\"fave_additional_feature_title\";s:21:\"Carpinter\u00eda exterior\";s:29:\"fave_additional_feature_value\";s:0:\"\";}i:2;a:2:{s:29:\"fave_additional_feature_title\";s:6:\"Estado\";s:29:\"fave_additional_feature_value\";s:11:\"Buen estado\";}i:3;a:2:{s:29:\"fave_additional_feature_title\";s:6:\"Vistas\";s:29:\"fave_additional_feature_value\";s:0:\"\";}i:4;a:2:{s:29:\"fave_additional_feature_title\";s:11:\"Orientacion\";s:29:\"fave_additional_feature_value\";s:0:\"\";}}"],"referencia":["01927"],"fave_property_id":["01927"],"fave_property_bedrooms":["0"],"fave_property_bathrooms":["0"],"fave_property_garage":[""],"fave_property_land":["0"],"ave_property_land_postfix":["m&sup2;"],"fave_property_size":["93"],"fave_property_year":["0"],"fave_energy_global_index":["215.8 kWh\/m&sup2; \/44.4 Kg CO2\/m&sup2;"],"fave_energy_class":["D"],"estate_attr_energy_class":["D"],"REAL_HOMES_property_emisiones":["44.4"],"REAL_HOMES_property_consumo":["215.8"],"REAL_HOMES_property_letra":["D"],"estate_video":[""],"fave_virtual_tour":[""],"vendidoInmueble":[""],"fave_property_price":["1600"],"fave_property_price_postfix":["mes"],"fave_property_images":["16823492","16823493","16823494","16823495","16823496","16823497","16823498","16823499","16823500","16823501"],"houzez_total_property_views":["2"],"houzez_views_by_date":["a:1:{s:10:\"05-02-2026\";i:2;}"],"houzez_recently_viewed":["2026-05-02 15:01:35"]},"_links":{"self":[{"href":"https:\/\/agencia-asturias.com\/de\/wp-json\/wp\/v2\/properties\/16823491","targetHints":{"allow":["GET"]}}],"collection":[{"href":"https:\/\/agencia-asturias.com\/de\/wp-json\/wp\/v2\/properties"}],"about":[{"href":"https:\/\/agencia-asturias.com\/de\/wp-json\/wp\/v2\/types\/property"}],"author":[{"embeddable":true,"href":"https:\/\/agencia-asturias.com\/de\/wp-json\/wp\/v2\/users\/1"}],"version-history":[{"count":0,"href":"https:\/\/agencia-asturias.com\/de\/wp-json\/wp\/v2\/properties\/16823491\/revisions"}],"wp:featuredmedia":[{"embeddable":true,"href":"https:\/\/agencia-asturias.com\/de\/wp-json\/wp\/v2\/media\/16823492"}],"wp:attachment":[{"href":"https:\/\/agencia-asturias.com\/de\/wp-json\/wp\/v2\/media?parent=16823491"}],"wp:term":[{"taxonomy":"property_type","embeddable":true,"href":"https:\/\/agencia-asturias.com\/de\/wp-json\/wp\/v2\/property_type?post=16823491"},{"taxonomy":"property_status","embeddable":true,"href":"https:\/\/agencia-asturias.com\/de\/wp-json\/wp\/v2\/property_status?post=16823491"},{"taxonomy":"property_feature","embeddable":true,"href":"https:\/\/agencia-asturias.com\/de\/wp-json\/wp\/v2\/property_feature?post=16823491"},{"taxonomy":"property_label","embeddable":true,"href":"https:\/\/agencia-asturias.com\/de\/wp-json\/wp\/v2\/property_label?post=16823491"},{"taxonomy":"property_state","embeddable":true,"href":"https:\/\/agencia-asturias.com\/de\/wp-json\/wp\/v2\/property_state?post=16823491"},{"taxonomy":"property_city","embeddable":true,"href":"https:\/\/agencia-asturias.com\/de\/wp-json\/wp\/v2\/property_city?post=16823491"},{"taxonomy":"property_area","embeddable":true,"href":"https:\/\/agencia-asturias.com\/de\/wp-json\/wp\/v2\/property_area?post=16823491"}],"curies":[{"name":"wp","href":"https:\/\/api.w.org\/{rel}","templated":true}]}}