{"id":16824557,"date":"2021-09-22T12:49:03","date_gmt":"2021-09-22T12:49:03","guid":{"rendered":"https:\/\/agencia-asturias.com\/inmueble\/venta\/piso\/asturias\/carreno\/03503\/"},"modified":"2021-09-22T12:49:03","modified_gmt":"2021-09-22T12:49:03","slug":"rustikale-immobilie-im-carreno-tal-03503","status":"publish","type":"property","link":"https:\/\/agencia-asturias.com\/de\/inmueble\/venta\/piso\/asturias\/carreno\/03503\/","title":{"rendered":"Rustikale Immobilie im Carre\u00f1o-Tal &#8211; 03503"},"content":{"rendered":"<p>Rustikale Anwesen im Carre\u00f1o-Tal, in Guimar\u00e1n gelegen. Dieses Ensemble besteht aus f\u00fcnf Parzellen mit einer Gesamtfl\u00e4che von \u00fcber 4 Hektar, wobei die meisten miteinander verbunden sind, um ein umfangreiches Potenzial zu bieten. Die Hauptparzelle umfasst 3 Hektar und enth\u00e4lt ein charakteristisches H\u00f3rreo auf dem Grundst\u00fcck, das diesem Eigentum Charme und Funktionalit\u00e4t verleiht. Dieses Anwesen ist ideal sowohl f\u00fcr landwirtschaftliche als auch f\u00fcr tierische Nutzung dank des ausgezeichneten Zugangs und der g\u00fcnstigen Sonnenausrichtung w\u00e4hrend des gesamten Tages. Dar\u00fcber hinaus verf\u00fcgt es \u00fcber Wasser aus einer nat\u00fcrlichen Quelle, was ausreichende Wasserressourcen f\u00fcr jede landwirtschaftliche oder tierische T\u00e4tigkeit garantiert, die hier durchgef\u00fchrt werden soll. Es besteht auch die M\u00f6glichkeit einer nahegelegenen elektrischen Verbindung; ohne Zweifel eine attraktive Option zur Entwicklung nachhaltiger l\u00e4ndlicher Projekte oder einfach zur genussvollen Nutzung der privilegierten Umgebung, die dieses einzigartige asturianische Tal bietet.<br \/>Die \u00dcbertragungssteuer sowie Notariats- und Registrierungsgeb\u00fchren sind im Preis nicht enthalten.<\/p>\n","protected":false},"excerpt":{"rendered":"<p>Rustikale Anwesen im Carre\u00f1o-Tal, in Guimar\u00e1n gelegen. Dieses Ensemble besteht aus f\u00fcnf Parzellen mit einer Gesamtfl\u00e4che von \u00fcber 4 Hektar, wobei die meisten miteinander verbunden sind, um ein umfangreiches Potenzial zu bieten. Die Hauptparzelle umfasst 3 Hektar und enth\u00e4lt ein charakteristisches H\u00f3rreo auf dem Grundst\u00fcck, das <\/p>\n","protected":false},"author":1,"featured_media":16824558,"parent":0,"menu_order":0,"template":"","property_type":[779],"property_status":[720],"property_feature":[],"property_label":[],"property_state":[419],"property_city":[425],"property_area":[577],"class_list":["post-16824557","property","type-property","status-publish","has-post-thumbnail","hentry","property_type-wohnung","property_status-verkauf","property_state-asturias","property_city-carreno","property_area-guimaran"],"property_meta":{"fave_agent":["156"],"fave_agents":["156"],"fave_agent_display_option":["agent_info"],"property_agent":["156"],"custom_permalink":["inmueble\/venta\/piso\/asturias\/carreno\/03503\/"],"_thumbnail_id":["16824558"],"post_id":["Array"],"original_author":["1"],"_edit_lock":["1604137107:1"],"_edit_last":["1"],"fave_property_map_street_view":["show"],"fave_payment_status":["not_paid"],"fave_single_top_area":["global"],"fave_single_content_area":["global"],"houzez_manual_expire":["0"],"fave_property_size_prefix":["m&sup2;"],"fave_property_map":["1"],"fave_additional_features_enable":["disable"],"fave_floor_plans_enable":["disable"],"fave_multiunit_plans_enable":["disable"],"fave_prop_homeslider":["no"],"fave_featured":["0"],"fave_property_address":["Carre\u00f1o,Asturias"],"fave_property_zip":["33438"],"houzez_geolocation_lat":["43.5414827567521"],"houzez_geolocation_long":["-5.75910149060588"],"fave_property_location":["43.5414827567521,-5.75910149060588"],"fave_property_country":["ES"],"fave_property_map_address":["Carre\u00f1o,Asturias,Spain"],"fave_comunidadimporte":["0"],"fave_comunidadincluida":["0"],"fave_conservacion":["Ninguno"],"fave_orientacion":["Norte Sur"],"fave_carpinteriainterior":[""],"fave_carpinteriaexterior":[""],"fave_tiposuelo":[""],"fave_vistas":[""],"additional_features":["a:5:{i:0;a:2:{s:29:\"fave_additional_feature_title\";s:12:\"Carpinter\u00eda\";s:29:\"fave_additional_feature_value\";s:0:\"\";}i:1;a:2:{s:29:\"fave_additional_feature_title\";s:21:\"Carpinter\u00eda exterior\";s:29:\"fave_additional_feature_value\";s:0:\"\";}i:2;a:2:{s:29:\"fave_additional_feature_title\";s:6:\"Estado\";s:29:\"fave_additional_feature_value\";s:7:\"Ninguno\";}i:3;a:2:{s:29:\"fave_additional_feature_title\";s:6:\"Vistas\";s:29:\"fave_additional_feature_value\";s:0:\"\";}i:4;a:2:{s:29:\"fave_additional_feature_title\";s:11:\"Orientacion\";s:29:\"fave_additional_feature_value\";s:9:\"Norte Sur\";}}"],"referencia":["03503"],"fave_property_id":["03503"],"fave_property_bedrooms":["0"],"fave_property_bathrooms":["0"],"fave_property_garage":[""],"fave_property_land":["40340"],"ave_property_land_postfix":["m&sup2;"],"fave_property_size":["0"],"fave_property_year":["0"],"fave_energy_global_index":["0 kWh\/m&sup2; \/0 Kg CO2\/m&sup2;"],"fave_energy_class":["N"],"estate_attr_energy_class":["Tramitando..."],"REAL_HOMES_property_emisiones":["0"],"REAL_HOMES_property_consumo":["0"],"REAL_HOMES_property_letra":["N"],"estate_video":[""],"fave_video_url":["https:\/\/www.youtube.com\/watch?v=Z8DGufiws6I"],"fave_video_image":["https:\/\/fotos15.apinmo.com\/1445\/13205297\/4-1.jpg"],"fave_virtual_tour":[""],"vendidoInmueble":[""],"fave_property_price":["73000"],"fave_property_price_postfix":[""],"fave_property_images":["16824558","16824559","16824560","16824561","16824562","16824563","16824564","16824565","16824566","16824567","16824568","16824569","16824570","16824571","16824572","16824573","16824574","16824575","16824576","16824577","16824578","16824579","16824580","16824581","16824582","16824583"],"houzez_total_property_views":["2"],"houzez_views_by_date":["a:1:{s:10:\"05-02-2026\";i:2;}"],"houzez_recently_viewed":["2026-05-02 08:59:56"]},"_links":{"self":[{"href":"https:\/\/agencia-asturias.com\/de\/wp-json\/wp\/v2\/properties\/16824557","targetHints":{"allow":["GET"]}}],"collection":[{"href":"https:\/\/agencia-asturias.com\/de\/wp-json\/wp\/v2\/properties"}],"about":[{"href":"https:\/\/agencia-asturias.com\/de\/wp-json\/wp\/v2\/types\/property"}],"author":[{"embeddable":true,"href":"https:\/\/agencia-asturias.com\/de\/wp-json\/wp\/v2\/users\/1"}],"version-history":[{"count":0,"href":"https:\/\/agencia-asturias.com\/de\/wp-json\/wp\/v2\/properties\/16824557\/revisions"}],"wp:featuredmedia":[{"embeddable":true,"href":"https:\/\/agencia-asturias.com\/de\/wp-json\/wp\/v2\/media\/16824558"}],"wp:attachment":[{"href":"https:\/\/agencia-asturias.com\/de\/wp-json\/wp\/v2\/media?parent=16824557"}],"wp:term":[{"taxonomy":"property_type","embeddable":true,"href":"https:\/\/agencia-asturias.com\/de\/wp-json\/wp\/v2\/property_type?post=16824557"},{"taxonomy":"property_status","embeddable":true,"href":"https:\/\/agencia-asturias.com\/de\/wp-json\/wp\/v2\/property_status?post=16824557"},{"taxonomy":"property_feature","embeddable":true,"href":"https:\/\/agencia-asturias.com\/de\/wp-json\/wp\/v2\/property_feature?post=16824557"},{"taxonomy":"property_label","embeddable":true,"href":"https:\/\/agencia-asturias.com\/de\/wp-json\/wp\/v2\/property_label?post=16824557"},{"taxonomy":"property_state","embeddable":true,"href":"https:\/\/agencia-asturias.com\/de\/wp-json\/wp\/v2\/property_state?post=16824557"},{"taxonomy":"property_city","embeddable":true,"href":"https:\/\/agencia-asturias.com\/de\/wp-json\/wp\/v2\/property_city?post=16824557"},{"taxonomy":"property_area","embeddable":true,"href":"https:\/\/agencia-asturias.com\/de\/wp-json\/wp\/v2\/property_area?post=16824557"}],"curies":[{"name":"wp","href":"https:\/\/api.w.org\/{rel}","templated":true}]}}